{"id":108,"date":"2019-10-26T19:08:26","date_gmt":"2019-10-26T19:08:26","guid":{"rendered":"http:\/\/andreas-vosseler.de\/?page_id=108"},"modified":"2023-10-23T15:01:33","modified_gmt":"2023-10-23T15:01:33","slug":"kommunalwahl-muenchen-15-maerz-2020","status":"publish","type":"page","link":"https:\/\/andreas-vosseler.de\/","title":{"rendered":"Dein gr\u00fcner M\u00fcnchner Stadtrat und Dein gr\u00fcner Bezirksrat in Oberbayern"},"content":{"rendered":"\n<h2>Gr\u00fcne und soziale Politik f\u00fcr M\u00fcnchen und Oberbayern.<\/h2>\n\n\n\n<p>Herzlich willkommen auf meiner Webseite, auf der ich \u00fcber meine politische Arbeit informiere.<\/p>\n\n\n\n<p>Im M\u00fcnchner Stadtrat und im oberbayrischen Bezirkstag vertrete ich auch Deine Themen. Im Bezirksausschuss in Bogenhausen bin ich in den Unteraussch\u00fcssen Kultur\/Vereine\/Soziales sowie Bildung\/Sport.<\/p>\n\n\n\n<p>Ich k\u00e4mpfe f\u00fcr eine gr\u00fcnere und sozialere Welt. Mit neuen Ideen will ich unsere Stadtviertel und den Bezirk Oberbayern lebenswert gestalten. Welche Herausforderungen und Probleme nimmst Du wahr? F\u00fcr Deine Anliegen habe ich ein offenes Ohr. Ich freue mich, wenn Du mich <a href=\"http:\/\/andreas-vosseler.de\/?page_id=44\" data-type=\"URL\" data-id=\"http:\/\/andreas-vosseler.de\/?page_id=44\">kontaktierst<\/a>.<\/p>\n\n\n\n<p>Von Beruf bin ich Sozialp\u00e4dagoge. Au\u00dferdem bin ich im sozialen Bereich teilselbstst\u00e4ndig als <a href=\"https:\/\/muenchner-supervision.de\/systemische-supervision-muenchen\/\">Supervisor<\/a> , Coach, <a href=\"https:\/\/muenchner-supervision.de\/\">Organisations-<\/a> und Teamentwickler.<\/p>\n\n\n\n<p><\/p>\n\n\n\n<figure class=\"wp-block-gallery has-nested-images columns-default is-cropped\"><\/figure>\n\n\n\n<p><\/p>\n\n\n\n<figure class=\"wp-block-image\"><img alt=\"\"\/><\/figure>\n","protected":false},"excerpt":{"rendered":"<p>Gr\u00fcne und soziale Politik f\u00fcr M\u00fcnchen und Oberbayern. Herzlich willkommen auf meiner Webseite, auf der ich \u00fcber meine politische Arbeit informiere. Im M\u00fcnchner Stadtrat und im oberbayrischen Bezirkstag vertrete ich&#8230; <\/p>\n","protected":false},"author":1,"featured_media":0,"parent":0,"menu_order":0,"comment_status":"closed","ping_status":"closed","template":"","meta":[],"_links":{"self":[{"href":"https:\/\/andreas-vosseler.de\/index.php?rest_route=\/wp\/v2\/pages\/108"}],"collection":[{"href":"https:\/\/andreas-vosseler.de\/index.php?rest_route=\/wp\/v2\/pages"}],"about":[{"href":"https:\/\/andreas-vosseler.de\/index.php?rest_route=\/wp\/v2\/types\/page"}],"author":[{"embeddable":true,"href":"https:\/\/andreas-vosseler.de\/index.php?rest_route=\/wp\/v2\/users\/1"}],"replies":[{"embeddable":true,"href":"https:\/\/andreas-vosseler.de\/index.php?rest_route=%2Fwp%2Fv2%2Fcomments&post=108"}],"version-history":[{"count":61,"href":"https:\/\/andreas-vosseler.de\/index.php?rest_route=\/wp\/v2\/pages\/108\/revisions"}],"predecessor-version":[{"id":443,"href":"https:\/\/andreas-vosseler.de\/index.php?rest_route=\/wp\/v2\/pages\/108\/revisions\/443"}],"wp:attachment":[{"href":"https:\/\/andreas-vosseler.de\/index.php?rest_route=%2Fwp%2Fv2%2Fmedia&parent=108"}],"curies":[{"name":"wp","href":"https:\/\/api.w.org\/{rel}","templated":true}]}}